{"generator":"GNU social 2.0.1-beta0","title":"Conversation","totalItems":1,"items":[{"actor":{"id":"https:\/\/gnusocial.net\/index.php\/user\/6680","displayName":"Revu","status_net":{"avatarLinks":[{"url":"https:\/\/bobinas.p4g.club\/theme\/neo-gnu\/default-avatar-profile.png","rel":"avatar","type":"image\/png","width":96,"height":96},{"url":"https:\/\/bobinas.p4g.club\/theme\/neo-gnu\/default-avatar-stream.png","rel":"avatar","type":"image\/png","width":48,"height":48},{"url":"https:\/\/bobinas.p4g.club\/theme\/neo-gnu\/default-avatar-mini.png","rel":"avatar","type":"image\/png","width":24,"height":24}],"profile_info":{"local_id":"30306"}},"image":{"url":"https:\/\/bobinas.p4g.club\/theme\/neo-gnu\/default-avatar-profile.png","rel":"avatar","type":"image\/png","width":96,"height":96},"objectType":"person","summary":"Participo en el blog https:\/\/revueltafeminista.wordpress.com\/","url":"https:\/\/gnusocial.net\/revueltafeminista","portablecontacts_net":{"preferredUsername":"revueltafeminista","displayName":"Revu","note":"Participo en el blog https:\/\/revueltafeminista.wordpress.com\/","urls":[{"type":"homepage","value":"https:\/\/pixelfed.social\/i\/web\/profile\/13902","primary":"true"}]}},"content":"<a href=\"http:\/\/www.unizar.es\/actualidad\/vernoticia_ng.php?id=75247&amp;idh=\" title=\"http:\/\/www.unizar.es\/actualidad\/vernoticia_ng.php?id=75247&amp;idh=\" rel=\"nofollow noreferrer\" class=\"attachment\">http:\/\/www.unizar.es\/actualidad\/vernoticia_ng.php?id=75247&amp;idh=<\/a> En el 15M, entre en contacto con las republicanas que buscaban a sus muertos. Y por primera vez me di cuenta, que soy de esa generaci\u00f3n que pens\u00e1bamos, que si segu\u00edamos adelante sin recordar el pasado todo caer\u00eda por su propio peso. Que al final se sabr\u00eda, qu\u00e9 Franco se hab\u00eda levantado contra un gobierno democr\u00e1tico y que se reparar\u00eda el dolor de la sin raz\u00f3n. Tengo 52 a\u00f1os y he descubierto, que ahora m\u00e1s que nunca hay que pelear por la memoria hist\u00f3rica. <a href=\"https:\/\/www.eldiario.es\/aragon\/politica\/gobierno-aragones-anuncia-20-n-iniciaran-tramites-derogar-ley-memoria-democratica-aragon_1_10694936.html\" title=\"https:\/\/www.eldiario.es\/aragon\/politica\/gobierno-aragones-anuncia-20-n-iniciaran-tramites-derogar-ley-memoria-democratica-aragon_1_10694936.html\" rel=\"nofollow noreferrer\" class=\"attachment\">https:\/\/gnusocial.net\/url\/20664531<\/a> Como me ense\u00f1aron los feminismos, sin reparaci\u00f3n no hay justicia. Y ojo, invito a reflexionar en la #<span class=\"tag\"><a href=\"https:\/\/gnusocial.net\/tag\/memoriahistorica\" rel=\"tag\">memoriahistorica<\/a><\/span>, no desde nuestra l\u00ednea de tiempo que nos duele m\u00e1s, sino desde alguna injusticia que nos llegue, por ejemplo Las madres de la plaza de Mayo. Sin las gentes que indagaron para esclarecer los hechos, no existir\u00eda la justicia para las desaparecidas. As\u00ed que ya tengo una nueva lucha en mi vida. Me hace muy feliz. <a href=\"https:\/\/gnusocial.net\/url\/20664530\" title=\"https:\/\/gnusocial.net\/url\/20664530\" rel=\"nofollow noreferrer\" class=\"attachment\">https:\/\/gnusocial.net\/url\/20664530<\/a>","generator":{"id":"tag:status.net,2009:notice-source:ostatus","objectType":"application","status_net":{"source_code":"ostatus"}},"id":"tag:gnusocial.net,2023-11-21:noticeId=16238717:objectType=note","object":{"id":"tag:gnusocial.net,2023-11-21:noticeId=16238717:objectType=note","objectType":"note","content":"<a href=\"http:\/\/www.unizar.es\/actualidad\/vernoticia_ng.php?id=75247&amp;idh=\" title=\"http:\/\/www.unizar.es\/actualidad\/vernoticia_ng.php?id=75247&amp;idh=\" rel=\"nofollow noreferrer\" class=\"attachment\">http:\/\/www.unizar.es\/actualidad\/vernoticia_ng.php?id=75247&amp;idh=<\/a> En el 15M, entre en contacto con las republicanas que buscaban a sus muertos. Y por primera vez me di cuenta, que soy de esa generaci\u00f3n que pens\u00e1bamos, que si segu\u00edamos adelante sin recordar el pasado todo caer\u00eda por su propio peso. Que al final se sabr\u00eda, qu\u00e9 Franco se hab\u00eda levantado contra un gobierno democr\u00e1tico y que se reparar\u00eda el dolor de la sin raz\u00f3n. Tengo 52 a\u00f1os y he descubierto, que ahora m\u00e1s que nunca hay que pelear por la memoria hist\u00f3rica. <a href=\"https:\/\/www.eldiario.es\/aragon\/politica\/gobierno-aragones-anuncia-20-n-iniciaran-tramites-derogar-ley-memoria-democratica-aragon_1_10694936.html\" title=\"https:\/\/www.eldiario.es\/aragon\/politica\/gobierno-aragones-anuncia-20-n-iniciaran-tramites-derogar-ley-memoria-democratica-aragon_1_10694936.html\" rel=\"nofollow noreferrer\" class=\"attachment\">https:\/\/gnusocial.net\/url\/20664531<\/a> Como me ense\u00f1aron los feminismos, sin reparaci\u00f3n no hay justicia. Y ojo, invito a reflexionar en la #<span class=\"tag\"><a href=\"https:\/\/gnusocial.net\/tag\/memoriahistorica\" rel=\"tag\">memoriahistorica<\/a><\/span>, no desde nuestra l\u00ednea de tiempo que nos duele m\u00e1s, sino desde alguna injusticia que nos llegue, por ejemplo Las madres de la plaza de Mayo. Sin las gentes que indagaron para esclarecer los hechos, no existir\u00eda la justicia para las desaparecidas. As\u00ed que ya tengo una nueva lucha en mi vida. Me hace muy feliz. <a href=\"https:\/\/gnusocial.net\/url\/20664530\" title=\"https:\/\/gnusocial.net\/url\/20664530\" rel=\"nofollow noreferrer\" class=\"attachment\">https:\/\/gnusocial.net\/url\/20664530<\/a>","url":"https:\/\/gnusocial.net\/notice\/16238717","status_net":{"notice_id":null},"tags":[{"objectType":"http:\/\/activityschema.org\/object\/hashtag","displayName":"memoriahistorica"}]},"to":[{"objectType":"http:\/\/activitystrea.ms\/schema\/1.0\/collection","id":"http:\/\/activityschema.org\/collection\/public"}],"status_net":{"conversation":"tag:gnusocial.net,2023-11-21:objectType=thread:nonce=a119c866291f1925","conversation_url":"https:\/\/gnusocial.net\/conversation\/8994621","notice_info":{"local_id":"1551781","source":"ostatus"}},"published":"2023-11-21T08:09:58+00:00","provider":{"objectType":"service","displayName":"Bobinas P4G","url":"https:\/\/bobinas.p4g.club\/"},"verb":"post","url":"https:\/\/gnusocial.net\/notice\/16238717"}],"links":[{"url":"https:\/\/bobinas.p4g.club\/conversation\/1058574","rel":"alternate","type":"text\/html"}]}